{"id":87426,"date":"2020-02-25T16:43:32","date_gmt":"2020-02-25T16:43:32","guid":{"rendered":"https:\/\/parcodellecascate.it\/malga\/"},"modified":"2022-09-08T08:43:19","modified_gmt":"2022-09-08T08:43:19","slug":"die-kaeserei","status":"publish","type":"page","link":"https:\/\/parcodellecascate.it\/de\/das-dorf-molina\/die-kaeserei\/","title":{"rendered":"Die K\u00e4serei"},"content":{"rendered":"<div class=\"wpb-content-wrapper\"><p>[vc_row row_height_percent=&#8220;0&#8243; override_padding=&#8220;yes&#8220; h_padding=&#8220;2&#8243; top_padding=&#8220;5&#8243; bottom_padding=&#8220;3&#8243; overlay_alpha=&#8220;100&#8243; gutter_size=&#8220;3&#8243; column_width_percent=&#8220;100&#8243; shift_y=&#8220;0&#8243; z_index=&#8220;0&#8243; row_height_use_pixel=&#8220;&#8220; css=&#8220;.vc_custom_1618475647798{margin-bottom: -40px !important;}&#8220;][vc_column column_width_use_pixel=&#8220;yes&#8220; gutter_size=&#8220;3&#8243; overlay_alpha=&#8220;50&#8243; shift_x=&#8220;0&#8243; shift_y=&#8220;0&#8243; medium_width=&#8220;0&#8243; zoom_width=&#8220;0&#8243; zoom_height=&#8220;0&#8243; column_width_pixel=&#8220;800&#8243;][vc_column_text]<strong>Die Gemeinschaftsk\u00e4serei <\/strong><\/p>\n<p>Die K\u00e4serei ist ein Geb\u00e4ude, das f\u00fcr die Verarbeitung von Milch und den Handel von Milchprodukten genutzt wird und vor allem in den Berggebieten weit verbreitet ist.<br \/>\nEs gibt zwei Arten: die Almk\u00e4serei und die Gemeinschaftsk\u00e4serei. In Molina gibt es eine 1879 gegr\u00fcndete Gemeinschaftsk\u00e4serei, das heisst, sie wurde gemeinschaftlich betrieben: jeden Morgen musste jedes Mitglied die Milch seiner K\u00fche zur K\u00e4serei bringen, die wiederum zu K\u00e4se verarbeitet wurde. Urspr\u00fcnglich befand sich dieses Geb\u00e4ude auf dem Gel\u00e4nde hinter der Kirche, wurde aber 1958 an die Stra\u00dfe nach Cerna verlegt.<br \/>\nIm Inneren gibt es zwei R\u00e4ume: Im ersten, dem &#8222;<strong>logo del fogo<\/strong>&#8220; (Kammer des Feuers), wird der K\u00e4se hergestellt. Der andere Raum, &#8222;<strong>logo del late<\/strong>&#8220; (Kammer der Milch) genannt, dient der Lagerung der frisch gemolkenen Milch, die in speziellen Beh\u00e4ltern (den &#8222;masteloni&#8220;) gesammelt und \u00fcber Nacht stehen gelassen wurde, damit der Rahm, der auch zur Herstellung von Butter verwendet wird, auftauchen konnte. Die T\u00e4tigkeit war durch ein Gesetz geregelt, das die Einhaltung genauer Verwaltungs- und Hygienevorschriften vorschrieb. Die K\u00e4serei blieb etwa ein Jahrhundert lang in Betrieb und wurde 1981 geschlossen. Drei Jahre zuvor, im Jahr 1978, hatte sie immer noch 18 Mitglieder.<\/p>\n<p>Das Geb\u00e4ude wurde k\u00fcrzlich renoviert und an die geltenden Vorschriften angepasst, so dass es f\u00fcr Bildungszwecke genutzt werden kann.<\/p>\n<p>Die Malga kann auf Voranmeldung von Gruppen besichtigt werden.[\/vc_column_text][\/vc_column][\/vc_row][vc_row row_height_percent=&#8220;0&#8243; override_padding=&#8220;yes&#8220; h_padding=&#8220;2&#8243; top_padding=&#8220;2&#8243; bottom_padding=&#8220;3&#8243; overlay_alpha=&#8220;100&#8243; gutter_size=&#8220;100&#8243; column_width_percent=&#8220;100&#8243; border_style=&#8220;solid&#8220; shift_y=&#8220;0&#8243; z_index=&#8220;0&#8243; style=&#8220;inherited&#8220; css=&#8220;.vc_custom_1618475654398{margin-bottom: -60px !important;}&#8220;][vc_column column_width_percent=&#8220;100&#8243; align_horizontal=&#8220;align_center&#8220; gutter_size=&#8220;3&#8243; overlay_alpha=&#8220;50&#8243; shift_x=&#8220;0&#8243; shift_y=&#8220;0&#8243; shift_y_down=&#8220;0&#8243; z_index=&#8220;0&#8243; medium_width=&#8220;0&#8243; mobile_width=&#8220;0&#8243; zoom_width=&#8220;0&#8243; zoom_height=&#8220;0&#8243; width=&#8220;1\/1&#8243;][vc_gallery el_id=&#8220;gallery-4&#8243; isotope_mode=&#8220;fitRows&#8220; medias=&#8220;83714,83711,83712,83713,83715,83716,83717,83718,84888,84889,84886,84887&#8243; gutter_size=&#8220;2&#8243; media_items=&#8220;icon,media|lightbox|original,caption&#8220; screen_lg=&#8220;1000&#8243; screen_md=&#8220;600&#8243; screen_sm=&#8220;480&#8243; single_text=&#8220;under&#8220; single_width=&#8220;3&#8243; images_size=&#8220;three-two&#8220; single_overlay_opacity=&#8220;50&#8243; single_padding=&#8220;1&#8243; single_text_reduced=&#8220;yes&#8220; single_icon=&#8220;fa fa-search&#8220; single_border=&#8220;yes&#8220; single_css_animation=&#8220;bottom-t-top&#8220; single_animation_delay=&#8220;200&#8243; lbox_caption=&#8220;yes&#8220; no_double_tap=&#8220;yes&#8220; carousel_rtl=&#8220;&#8220; single_title_uppercase=&#8220;&#8220; single_title_bold=&#8220;yes&#8220; single_title_serif=&#8220;&#8220; onclick=&#8220;link_image&#8220; custom_links_target=&#8220;_self&#8220; single_half_padding=&#8220;yes&#8220; single_no_background=&#8220;yes&#8220;][\/vc_column][\/vc_row][vc_row row_height_percent=&#8220;0&#8243; override_padding=&#8220;yes&#8220; h_padding=&#8220;2&#8243; top_padding=&#8220;2&#8243; bottom_padding=&#8220;5&#8243; overlay_alpha=&#8220;50&#8243; gutter_size=&#8220;3&#8243; column_width_percent=&#8220;100&#8243; shift_y=&#8220;0&#8243; z_index=&#8220;0&#8243;][vc_column column_width_percent=&#8220;100&#8243; gutter_size=&#8220;2&#8243; overlay_alpha=&#8220;50&#8243; shift_x=&#8220;0&#8243; shift_y=&#8220;0&#8243; shift_y_down=&#8220;0&#8243; z_index=&#8220;0&#8243; medium_width=&#8220;0&#8243; mobile_width=&#8220;0&#8243; width=&#8220;1\/1&#8243;][vc_row_inner row_inner_height_percent=&#8220;0&#8243; overlay_alpha=&#8220;50&#8243; gutter_size=&#8220;3&#8243; shift_y=&#8220;0&#8243; z_index=&#8220;0&#8243;][vc_column_inner column_width_percent=&#8220;100&#8243; position_vertical=&#8220;middle&#8220; align_horizontal=&#8220;align_center&#8220; gutter_size=&#8220;3&#8243; override_padding=&#8220;yes&#8220; column_padding=&#8220;3&#8243; overlay_alpha=&#8220;50&#8243; shift_x=&#8220;0&#8243; shift_y=&#8220;0&#8243; shift_y_down=&#8220;0&#8243; z_index=&#8220;0&#8243; medium_width=&#8220;0&#8243; mobile_width=&#8220;0&#8243; width=&#8220;1\/1&#8243;][vc_custom_heading text_color=&#8220;color-224619&#8243;]Andere Sehensw\u00fcrdigkeiten[\/vc_custom_heading][\/vc_column_inner][\/vc_row_inner][vc_row_inner row_inner_height_percent=&#8220;0&#8243; overlay_alpha=&#8220;50&#8243; gutter_size=&#8220;3&#8243; shift_y=&#8220;0&#8243; z_index=&#8220;0&#8243;][vc_column_inner column_width_percent=&#8220;100&#8243; align_horizontal=&#8220;align_center&#8220; gutter_size=&#8220;3&#8243; overlay_alpha=&#8220;50&#8243; shift_x=&#8220;0&#8243; shift_y=&#8220;0&#8243; shift_y_down=&#8220;0&#8243; z_index=&#8220;0&#8243; medium_width=&#8220;4&#8243; mobile_width=&#8220;4&#8243; width=&#8220;1\/2&#8243;][vc_single_image media=&#8220;83705&#8243; caption=&#8220;yes&#8220; media_width_percent=&#8220;100&#8243; media_ratio=&#8220;sixteen-nine&#8220; alignment=&#8220;center&#8220; advanced=&#8220;yes&#8220; media_items=&#8220;media|original,icon|lg&#8220; media_overlay_opacity=&#8220;50&#8243; media_h_align=&#8220;center&#8220; media_padding=&#8220;1&#8243; media_text_reduced=&#8220;yes&#8220; media_icon=&#8220;fa fa-search&#8220; media_link=&#8220;url:https%3A%2F%2Fparcodellecascate.it%2Fde%2Fdas-dorf-molina%2Fdas-dorf%2F&#8220;][vc_column_text]<a href=\"https:\/\/parcodellecascate.it\/de\/das-dorf-molina\/das-dorf\/\"><strong>Das Dorf <\/strong><\/a>[\/vc_column_text][\/vc_column_inner][vc_column_inner column_width_percent=&#8220;100&#8243; align_horizontal=&#8220;align_center&#8220; gutter_size=&#8220;3&#8243; overlay_alpha=&#8220;50&#8243; shift_x=&#8220;0&#8243; shift_y=&#8220;0&#8243; shift_y_down=&#8220;0&#8243; z_index=&#8220;0&#8243; medium_width=&#8220;4&#8243; mobile_width=&#8220;4&#8243; width=&#8220;1\/2&#8243;][vc_single_image media=&#8220;83708&#8243; caption=&#8220;yes&#8220; media_width_percent=&#8220;100&#8243; media_ratio=&#8220;sixteen-nine&#8220; alignment=&#8220;center&#8220; advanced=&#8220;yes&#8220; media_items=&#8220;media|original,icon|lg&#8220; media_overlay_opacity=&#8220;50&#8243; media_h_align=&#8220;center&#8220; media_padding=&#8220;1&#8243; media_text_reduced=&#8220;yes&#8220; media_icon=&#8220;fa fa-search&#8220; media_link=&#8220;url:https%3A%2F%2Fparcodellecascate.it%2Fde%2Fdas-dorf-molina%2Fmuehlen-und-werkstae%25ca%2583en%2F&#8220;][vc_column_text]<a href=\"https:\/\/parcodellecascate.it\/de\/das-dorf-molina\/muehlen-und-werkstae%ca%83en\/\"><strong>M\u00fchlen und Werkst\u00e4tten <\/strong><\/a>[\/vc_column_text][\/vc_column_inner][\/vc_row_inner][\/vc_column][\/vc_row]<\/p>\n<\/div>","protected":false},"excerpt":{"rendered":"<p>[vc_row row_height_percent=&#8220;0&#8243; override_padding=&#8220;yes&#8220; h_padding=&#8220;2&#8243; top_padding=&#8220;5&#8243; bottom_padding=&#8220;3&#8243; overlay_alpha=&#8220;100&#8243; gutter_size=&#8220;3&#8243; column_width_percent=&#8220;100&#8243; shift_y=&#8220;0&#8243; z_index=&#8220;0&#8243; row_height_use_pixel=&#8220;&#8220; css=&#8220;.vc_custom_1618475647798{margin-bottom: -40px !important;}&#8220;][vc_column column_width_use_pixel=&#8220;yes&#8220; gutter_size=&#8220;3&#8243; overlay_alpha=&#8220;50&#8243; shift_x=&#8220;0&#8243; shift_y=&#8220;0&#8243; [&hellip;]<\/p>\n","protected":false},"author":1,"featured_media":0,"parent":87436,"menu_order":0,"comment_status":"closed","ping_status":"closed","template":"","meta":{"footnotes":""},"class_list":["post-87426","page","type-page","status-publish","hentry"],"yoast_head":"<!-- This site is optimized with the Yoast SEO plugin v22.5 - https:\/\/yoast.com\/wordpress\/plugins\/seo\/ -->\n<title>Die K\u00e4serei - Parco delle Cascate<\/title>\n<meta name=\"robots\" content=\"index, follow, max-snippet:-1, max-image-preview:large, max-video-preview:-1\" \/>\n<link rel=\"canonical\" href=\"https:\/\/parcodellecascate.it\/de\/das-dorf-molina\/die-kaeserei\/\" \/>\n<meta property=\"og:locale\" content=\"de_DE\" \/>\n<meta property=\"og:type\" content=\"article\" \/>\n<meta property=\"og:title\" content=\"Die K\u00e4serei - Parco delle Cascate\" \/>\n<meta property=\"og:description\" content=\"[vc_row row_height_percent=&#8220;0&#8243; override_padding=&#8220;yes&#8220; h_padding=&#8220;2&#8243; top_padding=&#8220;5&#8243; bottom_padding=&#8220;3&#8243; overlay_alpha=&#8220;100&#8243; gutter_size=&#8220;3&#8243; column_width_percent=&#8220;100&#8243; shift_y=&#8220;0&#8243; z_index=&#8220;0&#8243; row_height_use_pixel=&#8220;&#8220; css=&#8220;.vc_custom_1618475647798{margin-bottom: -40px !important;}&#8220;][vc_column column_width_use_pixel=&#8220;yes&#8220; gutter_size=&#8220;3&#8243; overlay_alpha=&#8220;50&#8243; shift_x=&#8220;0&#8243; shift_y=&#8220;0&#8243; [&hellip;]\" \/>\n<meta property=\"og:url\" content=\"https:\/\/parcodellecascate.it\/de\/das-dorf-molina\/die-kaeserei\/\" \/>\n<meta property=\"og:site_name\" content=\"Parco delle Cascate\" \/>\n<meta property=\"article:modified_time\" content=\"2022-09-08T08:43:19+00:00\" \/>\n<meta name=\"twitter:card\" content=\"summary_large_image\" \/>\n<meta name=\"twitter:label1\" content=\"Gesch\u00e4tzte Lesezeit\" \/>\n\t<meta name=\"twitter:data1\" content=\"3\u00a0Minuten\" \/>\n<script type=\"application\/ld+json\" class=\"yoast-schema-graph\">{\"@context\":\"https:\/\/schema.org\",\"@graph\":[{\"@type\":\"WebPage\",\"@id\":\"https:\/\/parcodellecascate.it\/de\/das-dorf-molina\/die-kaeserei\/\",\"url\":\"https:\/\/parcodellecascate.it\/de\/das-dorf-molina\/die-kaeserei\/\",\"name\":\"Die K\u00e4serei - Parco delle Cascate\",\"isPartOf\":{\"@id\":\"https:\/\/parcodellecascate.it\/#website\"},\"datePublished\":\"2020-02-25T16:43:32+00:00\",\"dateModified\":\"2022-09-08T08:43:19+00:00\",\"breadcrumb\":{\"@id\":\"https:\/\/parcodellecascate.it\/de\/das-dorf-molina\/die-kaeserei\/#breadcrumb\"},\"inLanguage\":\"de\",\"potentialAction\":[{\"@type\":\"ReadAction\",\"target\":[\"https:\/\/parcodellecascate.it\/de\/das-dorf-molina\/die-kaeserei\/\"]}]},{\"@type\":\"BreadcrumbList\",\"@id\":\"https:\/\/parcodellecascate.it\/de\/das-dorf-molina\/die-kaeserei\/#breadcrumb\",\"itemListElement\":[{\"@type\":\"ListItem\",\"position\":1,\"name\":\"Home\",\"item\":\"https:\/\/parcodellecascate.it\/de\/\"},{\"@type\":\"ListItem\",\"position\":2,\"name\":\"Das Dorf Molina\",\"item\":\"https:\/\/parcodellecascate.it\/de\/das-dorf-molina\/\"},{\"@type\":\"ListItem\",\"position\":3,\"name\":\"Die K\u00e4serei\"}]},{\"@type\":\"WebSite\",\"@id\":\"https:\/\/parcodellecascate.it\/#website\",\"url\":\"https:\/\/parcodellecascate.it\/\",\"name\":\"Parco delle Cascate\",\"description\":\"Vivere Molina\",\"potentialAction\":[{\"@type\":\"SearchAction\",\"target\":{\"@type\":\"EntryPoint\",\"urlTemplate\":\"https:\/\/parcodellecascate.it\/?s={search_term_string}\"},\"query-input\":\"required name=search_term_string\"}],\"inLanguage\":\"de\"}]}<\/script>\n<!-- \/ Yoast SEO plugin. -->","yoast_head_json":{"title":"Die K\u00e4serei - Parco delle Cascate","robots":{"index":"index","follow":"follow","max-snippet":"max-snippet:-1","max-image-preview":"max-image-preview:large","max-video-preview":"max-video-preview:-1"},"canonical":"https:\/\/parcodellecascate.it\/de\/das-dorf-molina\/die-kaeserei\/","og_locale":"de_DE","og_type":"article","og_title":"Die K\u00e4serei - Parco delle Cascate","og_description":"[vc_row row_height_percent=&#8220;0&#8243; override_padding=&#8220;yes&#8220; h_padding=&#8220;2&#8243; top_padding=&#8220;5&#8243; bottom_padding=&#8220;3&#8243; overlay_alpha=&#8220;100&#8243; gutter_size=&#8220;3&#8243; column_width_percent=&#8220;100&#8243; shift_y=&#8220;0&#8243; z_index=&#8220;0&#8243; row_height_use_pixel=&#8220;&#8220; css=&#8220;.vc_custom_1618475647798{margin-bottom: -40px !important;}&#8220;][vc_column column_width_use_pixel=&#8220;yes&#8220; gutter_size=&#8220;3&#8243; overlay_alpha=&#8220;50&#8243; shift_x=&#8220;0&#8243; shift_y=&#8220;0&#8243; [&hellip;]","og_url":"https:\/\/parcodellecascate.it\/de\/das-dorf-molina\/die-kaeserei\/","og_site_name":"Parco delle Cascate","article_modified_time":"2022-09-08T08:43:19+00:00","twitter_card":"summary_large_image","twitter_misc":{"Gesch\u00e4tzte Lesezeit":"3\u00a0Minuten"},"schema":{"@context":"https:\/\/schema.org","@graph":[{"@type":"WebPage","@id":"https:\/\/parcodellecascate.it\/de\/das-dorf-molina\/die-kaeserei\/","url":"https:\/\/parcodellecascate.it\/de\/das-dorf-molina\/die-kaeserei\/","name":"Die K\u00e4serei - Parco delle Cascate","isPartOf":{"@id":"https:\/\/parcodellecascate.it\/#website"},"datePublished":"2020-02-25T16:43:32+00:00","dateModified":"2022-09-08T08:43:19+00:00","breadcrumb":{"@id":"https:\/\/parcodellecascate.it\/de\/das-dorf-molina\/die-kaeserei\/#breadcrumb"},"inLanguage":"de","potentialAction":[{"@type":"ReadAction","target":["https:\/\/parcodellecascate.it\/de\/das-dorf-molina\/die-kaeserei\/"]}]},{"@type":"BreadcrumbList","@id":"https:\/\/parcodellecascate.it\/de\/das-dorf-molina\/die-kaeserei\/#breadcrumb","itemListElement":[{"@type":"ListItem","position":1,"name":"Home","item":"https:\/\/parcodellecascate.it\/de\/"},{"@type":"ListItem","position":2,"name":"Das Dorf Molina","item":"https:\/\/parcodellecascate.it\/de\/das-dorf-molina\/"},{"@type":"ListItem","position":3,"name":"Die K\u00e4serei"}]},{"@type":"WebSite","@id":"https:\/\/parcodellecascate.it\/#website","url":"https:\/\/parcodellecascate.it\/","name":"Parco delle Cascate","description":"Vivere Molina","potentialAction":[{"@type":"SearchAction","target":{"@type":"EntryPoint","urlTemplate":"https:\/\/parcodellecascate.it\/?s={search_term_string}"},"query-input":"required name=search_term_string"}],"inLanguage":"de"}]}},"_links":{"self":[{"href":"https:\/\/parcodellecascate.it\/de\/wp-json\/wp\/v2\/pages\/87426","targetHints":{"allow":["GET"]}}],"collection":[{"href":"https:\/\/parcodellecascate.it\/de\/wp-json\/wp\/v2\/pages"}],"about":[{"href":"https:\/\/parcodellecascate.it\/de\/wp-json\/wp\/v2\/types\/page"}],"author":[{"embeddable":true,"href":"https:\/\/parcodellecascate.it\/de\/wp-json\/wp\/v2\/users\/1"}],"replies":[{"embeddable":true,"href":"https:\/\/parcodellecascate.it\/de\/wp-json\/wp\/v2\/comments?post=87426"}],"version-history":[{"count":7,"href":"https:\/\/parcodellecascate.it\/de\/wp-json\/wp\/v2\/pages\/87426\/revisions"}],"predecessor-version":[{"id":88335,"href":"https:\/\/parcodellecascate.it\/de\/wp-json\/wp\/v2\/pages\/87426\/revisions\/88335"}],"up":[{"embeddable":true,"href":"https:\/\/parcodellecascate.it\/de\/wp-json\/wp\/v2\/pages\/87436"}],"wp:attachment":[{"href":"https:\/\/parcodellecascate.it\/de\/wp-json\/wp\/v2\/media?parent=87426"}],"curies":[{"name":"wp","href":"https:\/\/api.w.org\/{rel}","templated":true}]}}